{"id":39,"date":"2023-09-25T11:47:37","date_gmt":"2023-09-25T09:47:37","guid":{"rendered":"https:\/\/mento-shop.fr\/kerbaul-WP\/?page_id=39"},"modified":"2026-02-18T18:55:32","modified_gmt":"2026-02-18T17:55:32","slug":"amenagement-interieur","status":"publish","type":"page","link":"https:\/\/mento-shop.fr\/gelebart-WP\/amenagement-interieur\/","title":{"rendered":"AM\u00c9NAGEMENT INT\u00c9RIEUR"},"content":{"rendered":"\t\t<div data-elementor-type=\"wp-page\" data-elementor-id=\"39\" class=\"elementor elementor-39\" data-elementor-post-type=\"page\">\n\t\t\t\t<div class=\"elementor-element elementor-element-06ac169 e-flex e-con-boxed e-con e-parent\" data-id=\"06ac169\" data-element_type=\"container\" data-settings=\"{&quot;background_background&quot;:&quot;classic&quot;}\">\n\t\t\t\t\t<div class=\"e-con-inner\">\n\t\t\t\t<div class=\"elementor-element elementor-element-8bc5cc0 elementor-invisible elementor-widget elementor-widget-heading\" data-id=\"8bc5cc0\" data-element_type=\"widget\" data-settings=\"{&quot;_animation&quot;:&quot;fadeIn&quot;}\" data-widget_type=\"heading.default\">\n\t\t\t\t<div class=\"elementor-widget-container\">\n\t\t\t<h3 class=\"elementor-heading-title elementor-size-default\">Am\u00e9nagement Int\u00e9rieur <\/h3>\t\t<\/div>\n\t\t\t\t<\/div>\n\t\t\t\t\t<\/div>\n\t\t\t\t<\/div>\n\t\t<div class=\"elementor-element elementor-element-2314b8c e-flex e-con-boxed e-con e-parent\" data-id=\"2314b8c\" data-element_type=\"container\">\n\t\t\t\t\t<div class=\"e-con-inner\">\n\t\t\t\t<div class=\"elementor-element elementor-element-4910c04 elementor-widget elementor-widget-text-editor\" data-id=\"4910c04\" data-element_type=\"widget\" data-widget_type=\"text-editor.default\">\n\t\t\t\t<div class=\"elementor-widget-container\">\n\t\t\t\t\t\t\t<p>Cr\u00e9er un espace privatif tout en pr\u00e9servant la luminosit\u00e9 de vos locaux professionnels tertiaires, moduler les espaces de travail en fonction des besoins, installer un faux plafond pour am\u00e9liorer le confort acoustique de vos collaborateurs&#8230;la soci\u00e9t\u00e9 G\u00e9l\u00e9bart prend en charge l&rsquo;am\u00e9nagement int\u00e9rieur complet de vos commerces, bureaux et administrations dans le Finist\u00e8re.<\/p><h3>Pose de cloisons s\u00e8ches<\/h3><p>Redessinez l&rsquo;int\u00e9rieur de votre lieu de travail en redistribuant\u00a0 les espaces<\/p><h3>Pose de cloisons amovibles vitr\u00e9es ou pleines\u00a0<\/h3><h4>Le concept<\/h4><p>Cela permet de cr\u00e9er des espaces clos en installant des structures en aluminium habill\u00e9es d&rsquo;une ou deux vitres eventuellement \u00e9quip\u00e9es de stores v\u00e9nitiens.<\/p>\t\t\t\t\t\t<\/div>\n\t\t\t\t<\/div>\n\t\t\t\t\t<\/div>\n\t\t\t\t<\/div>\n\t\t<div class=\"elementor-element elementor-element-0f52120 e-flex e-con-boxed e-con e-parent\" data-id=\"0f52120\" data-element_type=\"container\">\n\t\t\t\t\t<div class=\"e-con-inner\">\n\t\t<div class=\"elementor-element elementor-element-bea7a53 e-con-full e-flex e-con e-child\" data-id=\"bea7a53\" data-element_type=\"container\">\n\t\t\t\t<div class=\"elementor-element elementor-element-d1aaffe elementor-widget elementor-widget-image\" data-id=\"d1aaffe\" data-element_type=\"widget\" data-widget_type=\"image.default\">\n\t\t\t\t<div class=\"elementor-widget-container\">\n\t\t\t\t\t\t\t\t\t\t<figure class=\"wp-caption\">\n\t\t\t\t\t\t\t\t\t\t<img fetchpriority=\"high\" decoding=\"async\" width=\"911\" height=\"683\" src=\"https:\/\/mento-shop.fr\/gelebart-WP\/wp-content\/uploads\/2023\/12\/1-1.jpg\" class=\"attachment-full size-full wp-image-628\" alt=\"\" srcset=\"https:\/\/mento-shop.fr\/gelebart-WP\/wp-content\/uploads\/2023\/12\/1-1.jpg 911w, https:\/\/mento-shop.fr\/gelebart-WP\/wp-content\/uploads\/2023\/12\/1-1-300x225.jpg 300w, https:\/\/mento-shop.fr\/gelebart-WP\/wp-content\/uploads\/2023\/12\/1-1-768x576.jpg 768w\" sizes=\"(max-width: 911px) 100vw, 911px\" \/>\t\t\t\t\t\t\t\t\t\t\t<figcaption class=\"widget-image-caption wp-caption-text\"><\/figcaption>\n\t\t\t\t\t\t\t\t\t\t<\/figure>\n\t\t\t\t\t\t\t<\/div>\n\t\t\t\t<\/div>\n\t\t\t\t<\/div>\n\t\t<div class=\"elementor-element elementor-element-b0bd3c3 e-con-full e-flex e-con e-child\" data-id=\"b0bd3c3\" data-element_type=\"container\">\n\t\t\t\t<div class=\"elementor-element elementor-element-0c96191 elementor-widget elementor-widget-text-editor\" data-id=\"0c96191\" data-element_type=\"widget\" data-widget_type=\"text-editor.default\">\n\t\t\t\t<div class=\"elementor-widget-container\">\n\t\t\t\t\t\t\t<section id=\"section-id-1612803232199\" class=\"sppb-section \"><div class=\"sppb-row-container\"><div class=\"sppb-row\"><div class=\"sppb-col-md-6\"><div id=\"column-id-1612803232198\" class=\"sppb-column\"><div class=\"sppb-column-addons\"><div id=\"sppb-addon-1612803471740\" class=\"clearfix\"><div class=\"sppb-addon sppb-addon-text-block 0 \"><h3 class=\"sppb-addon-title\">Les Avantages<\/h3><ul><li>permet de cr\u00e9er des pi\u00e8ces insonoris\u00e9es tels que des bureaux, des salles de r\u00e9union&#8230; en pr\u00e9servant la luminosit\u00e9 des locaux.<\/li><li>d&rsquo;une grande modularit\u00e9, ce syst\u00e8me s&rsquo;adapte \u00e0 tous les espaces, des plus exigus au plus vastes.<\/li><li>discret : vous pr\u00e9servez la confidentialit\u00e9 avec des stores orientables pour occulter ou laisser passer la lumi\u00e8re.<\/li><li>solution design et esth\u00e9tique : vous pouvez personnaliser chaque projet, changer la couleur de l&rsquo;ossature aluminium, des stores&#8230;<\/li><li>\u00e9volutif : en fonction de besoins provisoires ou plus p\u00e9rennes, redistribuez les espaces d&rsquo;une mani\u00e8re simple, avec une mise en \u0153uvre rapide et une installation modulable.<\/li><\/ul><h4>Am\u00e9nagement int\u00e9rieur\u00a0<\/h4><p>La cloisonnette est une demi-cloison amovible, modulable, que l&rsquo;on d\u00e9place au gr\u00e9 des besoins, selon le nombre de vos collaborateurs, pour d\u00e9limiter vos open spaces.<\/p><p>Pour la pose de cloisons vitr\u00e9es et amovibles la soci\u00e9t\u00e9 G\u00e9l\u00e9bart travaille avec la soci\u00e9t\u00e9 Tiaso pour la fourniture des diff\u00e9rents \u00e9l\u00e9ments.<\/p><\/div><\/div><\/div><\/div><\/div><\/div><\/div><\/section>\t\t\t\t\t\t<\/div>\n\t\t\t\t<\/div>\n\t\t\t\t<\/div>\n\t\t\t\t\t<\/div>\n\t\t\t\t<\/div>\n\t\t<div class=\"elementor-element elementor-element-3761e97 e-flex e-con-boxed e-con e-parent\" data-id=\"3761e97\" data-element_type=\"container\">\n\t\t\t\t\t<div class=\"e-con-inner\">\n\t\t\t\t\t<\/div>\n\t\t\t\t<\/div>\n\t\t<div class=\"elementor-element elementor-element-3cc1bbd e-flex e-con-boxed e-con e-parent\" data-id=\"3cc1bbd\" data-element_type=\"container\">\n\t\t\t\t\t<div class=\"e-con-inner\">\n\t\t<div class=\"elementor-element elementor-element-98a9863 e-con-full e-flex e-con e-child\" data-id=\"98a9863\" data-element_type=\"container\">\n\t\t\t\t<div class=\"elementor-element elementor-element-4cfc839 elementor-widget elementor-widget-text-editor\" data-id=\"4cfc839\" data-element_type=\"widget\" data-widget_type=\"text-editor.default\">\n\t\t\t\t<div class=\"elementor-widget-container\">\n\t\t\t\t\t\t\t<div class=\"sppb-col-md-6\"><div id=\"column-id-1612803232200\" class=\"sppb-column\"><div class=\"sppb-column-addons\"><div id=\"sppb-addon-1612803516798\" class=\"clearfix\"><div class=\"sppb-addon sppb-addon-text-block 0 \"><h3>Pose de Faux-Plafonds<\/h3><ul><li>Aspect esth\u00e9tique : uniformiser et d\u00e9corer les plafonds de vos locaux, choisir les couleurs, les types de surfaces, les dimensions des panneaux. Les faux-plafonds s&rsquo;adaptent \u00e0 tous les projets architecturaux les plus originaux<\/li><li>Avantages acoustiques : les panneaux d&rsquo;un faux-plafond absorbent le bruit. Moins bruyant, l&rsquo;environnement de travail est moins stressant, la concentration est meilleure et cela se ressent sur la productivit\u00e9.<\/li><li>S\u00e9curit\u00e9 : la soci\u00e9t\u00e9 G\u00e9l\u00e9bart ne travaille qu&rsquo;avec des produits garantissant une haute protection au feu et \u00e0 l&rsquo;humidit\u00e9.<\/li><li>Pour un environnement sain : les panneaux en laine de roche ne permettent pas le d\u00e9veloppement de micro-organismes.<\/li><li>Facilit\u00e9 d&rsquo;entretien.<\/li><li>Meilleure isolation thermique<\/li><li>Longue dur\u00e9e de vie : les panneaux ne s&rsquo;alt\u00e8rent pas dans le temps<\/li><\/ul><p>Pour la pose de faux-plafonds la soci\u00e9t\u00e9 G\u00e9l\u00e9bart travaille avec les soci\u00e9t\u00e9s Rockfon et Armstrong pour la fourniture des diff\u00e9rents \u00e9l\u00e9ments.<\/p><\/div><\/div><\/div><\/div><\/div>\t\t\t\t\t\t<\/div>\n\t\t\t\t<\/div>\n\t\t\t\t<\/div>\n\t\t<div class=\"elementor-element elementor-element-40a1221 e-con-full e-flex e-con e-child\" data-id=\"40a1221\" data-element_type=\"container\">\n\t\t\t\t<div class=\"elementor-element elementor-element-06ed45b elementor-widget elementor-widget-image\" data-id=\"06ed45b\" data-element_type=\"widget\" data-widget_type=\"image.default\">\n\t\t\t\t<div class=\"elementor-widget-container\">\n\t\t\t\t\t\t\t\t\t\t\t\t\t<img decoding=\"async\" width=\"800\" height=\"628\" src=\"https:\/\/mento-shop.fr\/gelebart-WP\/wp-content\/uploads\/2023\/12\/4-1.jpg\" class=\"attachment-large size-large wp-image-631\" alt=\"\" srcset=\"https:\/\/mento-shop.fr\/gelebart-WP\/wp-content\/uploads\/2023\/12\/4-1.jpg 840w, https:\/\/mento-shop.fr\/gelebart-WP\/wp-content\/uploads\/2023\/12\/4-1-300x235.jpg 300w, https:\/\/mento-shop.fr\/gelebart-WP\/wp-content\/uploads\/2023\/12\/4-1-768x603.jpg 768w\" sizes=\"(max-width: 800px) 100vw, 800px\" \/>\t\t\t\t\t\t\t\t\t\t\t\t\t<\/div>\n\t\t\t\t<\/div>\n\t\t\t\t<\/div>\n\t\t\t\t\t<\/div>\n\t\t\t\t<\/div>\n\t\t\t\t<\/div>\n\t\t","protected":false},"excerpt":{"rendered":"<p>Am\u00e9nagement Int\u00e9rieur Cr\u00e9er un espace privatif tout en pr\u00e9servant la luminosit\u00e9 de vos locaux professionnels tertiaires, moduler les espaces de travail en fonction des besoins, installer un faux plafond pour am\u00e9liorer le confort acoustique de vos collaborateurs&#8230;la soci\u00e9t\u00e9 G\u00e9l\u00e9bart prend en charge l&rsquo;am\u00e9nagement int\u00e9rieur complet de vos commerces, bureaux et administrations dans le Finist\u00e8re. Pose [&hellip;]<\/p>\n","protected":false},"author":1,"featured_media":0,"parent":0,"menu_order":0,"comment_status":"closed","ping_status":"closed","template":"","meta":{"footnotes":""},"class_list":["post-39","page","type-page","status-publish","hentry"],"yoast_head":"<!-- This site is optimized with the Yoast SEO plugin v27.5 - https:\/\/yoast.com\/product\/yoast-seo-wordpress\/ -->\n<title>AM\u00c9NAGEMENT INT\u00c9RIEUR - Ets G\u00e9l\u00e9bart<\/title>\n<meta name=\"description\" content=\"La societe Gelebart prend en charge vos chantiers d&#039;amenagements int\u00e9rieurs, pose de cloisons, de plafonds, de stores enrouleurs, \u00e0 bandes verticales, et de films de protection solaire pres de Brest dans le Finistere.\" \/>\n<meta name=\"robots\" content=\"index, follow, max-snippet:-1, max-image-preview:large, max-video-preview:-1\" \/>\n<link rel=\"canonical\" href=\"https:\/\/mento-shop.fr\/gelebart-WP\/amenagement-interieur\/\" \/>\n<meta property=\"og:locale\" content=\"fr_FR\" \/>\n<meta property=\"og:type\" content=\"article\" \/>\n<meta property=\"og:title\" content=\"AM\u00c9NAGEMENT INT\u00c9RIEUR - Ets G\u00e9l\u00e9bart\" \/>\n<meta property=\"og:description\" content=\"La societe Gelebart prend en charge vos chantiers d&#039;amenagements int\u00e9rieurs, pose de cloisons, de plafonds, de stores enrouleurs, \u00e0 bandes verticales, et de films de protection solaire pres de Brest dans le Finistere.\" \/>\n<meta property=\"og:url\" content=\"https:\/\/mento-shop.fr\/gelebart-WP\/amenagement-interieur\/\" \/>\n<meta property=\"og:site_name\" content=\"Ets G\u00e9l\u00e9bart\" \/>\n<meta property=\"article:publisher\" content=\"https:\/\/www.facebook.com\/sarlkerbaul\/\" \/>\n<meta property=\"article:modified_time\" content=\"2026-02-18T17:55:32+00:00\" \/>\n<meta property=\"og:image\" content=\"https:\/\/mento-shop.fr\/gelebart-WP\/wp-content\/uploads\/2023\/12\/1-1.jpg\" \/>\n\t<meta property=\"og:image:width\" content=\"911\" \/>\n\t<meta property=\"og:image:height\" content=\"683\" \/>\n\t<meta property=\"og:image:type\" content=\"image\/jpeg\" \/>\n<meta name=\"twitter:card\" content=\"summary_large_image\" \/>\n<meta name=\"twitter:label1\" content=\"Dur\u00e9e de lecture estim\u00e9e\" \/>\n\t<meta name=\"twitter:data1\" content=\"3 minutes\" \/>\n<script type=\"application\/ld+json\" class=\"yoast-schema-graph\">{\"@context\":\"https:\\\/\\\/schema.org\",\"@graph\":[{\"@type\":\"WebPage\",\"@id\":\"https:\\\/\\\/mento-shop.fr\\\/gelebart-WP\\\/amenagement-interieur\\\/\",\"url\":\"https:\\\/\\\/mento-shop.fr\\\/gelebart-WP\\\/amenagement-interieur\\\/\",\"name\":\"AM\u00c9NAGEMENT INT\u00c9RIEUR - Ets G\u00e9l\u00e9bart\",\"isPartOf\":{\"@id\":\"https:\\\/\\\/mento-shop.fr\\\/gelebart-WP\\\/#website\"},\"primaryImageOfPage\":{\"@id\":\"https:\\\/\\\/mento-shop.fr\\\/gelebart-WP\\\/amenagement-interieur\\\/#primaryimage\"},\"image\":{\"@id\":\"https:\\\/\\\/mento-shop.fr\\\/gelebart-WP\\\/amenagement-interieur\\\/#primaryimage\"},\"thumbnailUrl\":\"https:\\\/\\\/mento-shop.fr\\\/gelebart-WP\\\/wp-content\\\/uploads\\\/2023\\\/12\\\/1-1.jpg\",\"datePublished\":\"2023-09-25T09:47:37+00:00\",\"dateModified\":\"2026-02-18T17:55:32+00:00\",\"description\":\"La societe Gelebart prend en charge vos chantiers d'amenagements int\u00e9rieurs, pose de cloisons, de plafonds, de stores enrouleurs, \u00e0 bandes verticales, et de films de protection solaire pres de Brest dans le Finistere.\",\"breadcrumb\":{\"@id\":\"https:\\\/\\\/mento-shop.fr\\\/gelebart-WP\\\/amenagement-interieur\\\/#breadcrumb\"},\"inLanguage\":\"fr-FR\",\"potentialAction\":[{\"@type\":\"ReadAction\",\"target\":[\"https:\\\/\\\/mento-shop.fr\\\/gelebart-WP\\\/amenagement-interieur\\\/\"]}]},{\"@type\":\"ImageObject\",\"inLanguage\":\"fr-FR\",\"@id\":\"https:\\\/\\\/mento-shop.fr\\\/gelebart-WP\\\/amenagement-interieur\\\/#primaryimage\",\"url\":\"https:\\\/\\\/mento-shop.fr\\\/gelebart-WP\\\/wp-content\\\/uploads\\\/2023\\\/12\\\/1-1.jpg\",\"contentUrl\":\"https:\\\/\\\/mento-shop.fr\\\/gelebart-WP\\\/wp-content\\\/uploads\\\/2023\\\/12\\\/1-1.jpg\",\"width\":911,\"height\":683},{\"@type\":\"BreadcrumbList\",\"@id\":\"https:\\\/\\\/mento-shop.fr\\\/gelebart-WP\\\/amenagement-interieur\\\/#breadcrumb\",\"itemListElement\":[{\"@type\":\"ListItem\",\"position\":1,\"name\":\"Accueil\",\"item\":\"https:\\\/\\\/mento-shop.fr\\\/gelebart-WP\\\/\"},{\"@type\":\"ListItem\",\"position\":2,\"name\":\"AM\u00c9NAGEMENT INT\u00c9RIEUR\"}]},{\"@type\":\"WebSite\",\"@id\":\"https:\\\/\\\/mento-shop.fr\\\/gelebart-WP\\\/#website\",\"url\":\"https:\\\/\\\/mento-shop.fr\\\/gelebart-WP\\\/\",\"name\":\"Ets G\u00e9l\u00e9bart\",\"description\":\"\",\"publisher\":{\"@id\":\"https:\\\/\\\/mento-shop.fr\\\/gelebart-WP\\\/#organization\"},\"potentialAction\":[{\"@type\":\"SearchAction\",\"target\":{\"@type\":\"EntryPoint\",\"urlTemplate\":\"https:\\\/\\\/mento-shop.fr\\\/gelebart-WP\\\/?s={search_term_string}\"},\"query-input\":{\"@type\":\"PropertyValueSpecification\",\"valueRequired\":true,\"valueName\":\"search_term_string\"}}],\"inLanguage\":\"fr-FR\"},{\"@type\":\"Organization\",\"@id\":\"https:\\\/\\\/mento-shop.fr\\\/gelebart-WP\\\/#organization\",\"name\":\"Kerbaul SARL -Saint Th\u00e9gonnec Finistere, Morlaix - Landivisiau\",\"url\":\"https:\\\/\\\/mento-shop.fr\\\/gelebart-WP\\\/\",\"logo\":{\"@type\":\"ImageObject\",\"inLanguage\":\"fr-FR\",\"@id\":\"https:\\\/\\\/mento-shop.fr\\\/gelebart-WP\\\/#\\\/schema\\\/logo\\\/image\\\/\",\"url\":\"https:\\\/\\\/mento-shop.fr\\\/gelebart-WP\\\/wp-content\\\/uploads\\\/2023\\\/09\\\/gelebart.png\",\"contentUrl\":\"https:\\\/\\\/mento-shop.fr\\\/gelebart-WP\\\/wp-content\\\/uploads\\\/2023\\\/09\\\/gelebart.png\",\"width\":628,\"height\":176,\"caption\":\"Kerbaul SARL -Saint Th\u00e9gonnec Finistere, Morlaix - Landivisiau\"},\"image\":{\"@id\":\"https:\\\/\\\/mento-shop.fr\\\/gelebart-WP\\\/#\\\/schema\\\/logo\\\/image\\\/\"},\"sameAs\":[\"https:\\\/\\\/www.facebook.com\\\/sarlkerbaul\\\/\"]}]}<\/script>\n<!-- \/ Yoast SEO plugin. -->","yoast_head_json":{"title":"AM\u00c9NAGEMENT INT\u00c9RIEUR - Ets G\u00e9l\u00e9bart","description":"La societe Gelebart prend en charge vos chantiers d'amenagements int\u00e9rieurs, pose de cloisons, de plafonds, de stores enrouleurs, \u00e0 bandes verticales, et de films de protection solaire pres de Brest dans le Finistere.","robots":{"index":"index","follow":"follow","max-snippet":"max-snippet:-1","max-image-preview":"max-image-preview:large","max-video-preview":"max-video-preview:-1"},"canonical":"https:\/\/mento-shop.fr\/gelebart-WP\/amenagement-interieur\/","og_locale":"fr_FR","og_type":"article","og_title":"AM\u00c9NAGEMENT INT\u00c9RIEUR - Ets G\u00e9l\u00e9bart","og_description":"La societe Gelebart prend en charge vos chantiers d'amenagements int\u00e9rieurs, pose de cloisons, de plafonds, de stores enrouleurs, \u00e0 bandes verticales, et de films de protection solaire pres de Brest dans le Finistere.","og_url":"https:\/\/mento-shop.fr\/gelebart-WP\/amenagement-interieur\/","og_site_name":"Ets G\u00e9l\u00e9bart","article_publisher":"https:\/\/www.facebook.com\/sarlkerbaul\/","article_modified_time":"2026-02-18T17:55:32+00:00","og_image":[{"width":911,"height":683,"url":"https:\/\/mento-shop.fr\/gelebart-WP\/wp-content\/uploads\/2023\/12\/1-1.jpg","type":"image\/jpeg"}],"twitter_card":"summary_large_image","twitter_misc":{"Dur\u00e9e de lecture estim\u00e9e":"3 minutes"},"schema":{"@context":"https:\/\/schema.org","@graph":[{"@type":"WebPage","@id":"https:\/\/mento-shop.fr\/gelebart-WP\/amenagement-interieur\/","url":"https:\/\/mento-shop.fr\/gelebart-WP\/amenagement-interieur\/","name":"AM\u00c9NAGEMENT INT\u00c9RIEUR - Ets G\u00e9l\u00e9bart","isPartOf":{"@id":"https:\/\/mento-shop.fr\/gelebart-WP\/#website"},"primaryImageOfPage":{"@id":"https:\/\/mento-shop.fr\/gelebart-WP\/amenagement-interieur\/#primaryimage"},"image":{"@id":"https:\/\/mento-shop.fr\/gelebart-WP\/amenagement-interieur\/#primaryimage"},"thumbnailUrl":"https:\/\/mento-shop.fr\/gelebart-WP\/wp-content\/uploads\/2023\/12\/1-1.jpg","datePublished":"2023-09-25T09:47:37+00:00","dateModified":"2026-02-18T17:55:32+00:00","description":"La societe Gelebart prend en charge vos chantiers d'amenagements int\u00e9rieurs, pose de cloisons, de plafonds, de stores enrouleurs, \u00e0 bandes verticales, et de films de protection solaire pres de Brest dans le Finistere.","breadcrumb":{"@id":"https:\/\/mento-shop.fr\/gelebart-WP\/amenagement-interieur\/#breadcrumb"},"inLanguage":"fr-FR","potentialAction":[{"@type":"ReadAction","target":["https:\/\/mento-shop.fr\/gelebart-WP\/amenagement-interieur\/"]}]},{"@type":"ImageObject","inLanguage":"fr-FR","@id":"https:\/\/mento-shop.fr\/gelebart-WP\/amenagement-interieur\/#primaryimage","url":"https:\/\/mento-shop.fr\/gelebart-WP\/wp-content\/uploads\/2023\/12\/1-1.jpg","contentUrl":"https:\/\/mento-shop.fr\/gelebart-WP\/wp-content\/uploads\/2023\/12\/1-1.jpg","width":911,"height":683},{"@type":"BreadcrumbList","@id":"https:\/\/mento-shop.fr\/gelebart-WP\/amenagement-interieur\/#breadcrumb","itemListElement":[{"@type":"ListItem","position":1,"name":"Accueil","item":"https:\/\/mento-shop.fr\/gelebart-WP\/"},{"@type":"ListItem","position":2,"name":"AM\u00c9NAGEMENT INT\u00c9RIEUR"}]},{"@type":"WebSite","@id":"https:\/\/mento-shop.fr\/gelebart-WP\/#website","url":"https:\/\/mento-shop.fr\/gelebart-WP\/","name":"Ets G\u00e9l\u00e9bart","description":"","publisher":{"@id":"https:\/\/mento-shop.fr\/gelebart-WP\/#organization"},"potentialAction":[{"@type":"SearchAction","target":{"@type":"EntryPoint","urlTemplate":"https:\/\/mento-shop.fr\/gelebart-WP\/?s={search_term_string}"},"query-input":{"@type":"PropertyValueSpecification","valueRequired":true,"valueName":"search_term_string"}}],"inLanguage":"fr-FR"},{"@type":"Organization","@id":"https:\/\/mento-shop.fr\/gelebart-WP\/#organization","name":"Kerbaul SARL -Saint Th\u00e9gonnec Finistere, Morlaix - Landivisiau","url":"https:\/\/mento-shop.fr\/gelebart-WP\/","logo":{"@type":"ImageObject","inLanguage":"fr-FR","@id":"https:\/\/mento-shop.fr\/gelebart-WP\/#\/schema\/logo\/image\/","url":"https:\/\/mento-shop.fr\/gelebart-WP\/wp-content\/uploads\/2023\/09\/gelebart.png","contentUrl":"https:\/\/mento-shop.fr\/gelebart-WP\/wp-content\/uploads\/2023\/09\/gelebart.png","width":628,"height":176,"caption":"Kerbaul SARL -Saint Th\u00e9gonnec Finistere, Morlaix - Landivisiau"},"image":{"@id":"https:\/\/mento-shop.fr\/gelebart-WP\/#\/schema\/logo\/image\/"},"sameAs":["https:\/\/www.facebook.com\/sarlkerbaul\/"]}]}},"_links":{"self":[{"href":"https:\/\/mento-shop.fr\/gelebart-WP\/wp-json\/wp\/v2\/pages\/39","targetHints":{"allow":["GET"]}}],"collection":[{"href":"https:\/\/mento-shop.fr\/gelebart-WP\/wp-json\/wp\/v2\/pages"}],"about":[{"href":"https:\/\/mento-shop.fr\/gelebart-WP\/wp-json\/wp\/v2\/types\/page"}],"author":[{"embeddable":true,"href":"https:\/\/mento-shop.fr\/gelebart-WP\/wp-json\/wp\/v2\/users\/1"}],"replies":[{"embeddable":true,"href":"https:\/\/mento-shop.fr\/gelebart-WP\/wp-json\/wp\/v2\/comments?post=39"}],"version-history":[{"count":48,"href":"https:\/\/mento-shop.fr\/gelebart-WP\/wp-json\/wp\/v2\/pages\/39\/revisions"}],"predecessor-version":[{"id":673,"href":"https:\/\/mento-shop.fr\/gelebart-WP\/wp-json\/wp\/v2\/pages\/39\/revisions\/673"}],"wp:attachment":[{"href":"https:\/\/mento-shop.fr\/gelebart-WP\/wp-json\/wp\/v2\/media?parent=39"}],"curies":[{"name":"wp","href":"https:\/\/api.w.org\/{rel}","templated":true}]}}